{"id":236,"date":"2020-06-10T12:56:45","date_gmt":"2020-06-10T10:56:45","guid":{"rendered":"http:\/\/lapieldanza.com\/?page_id=236"},"modified":"2022-06-12T01:03:44","modified_gmt":"2022-06-11T23:03:44","slug":"biografia","status":"publish","type":"page","link":"https:\/\/lapieldanza.com\/index.php\/biografia\/","title":{"rendered":"BIOGRAF\u00cdA"},"content":{"rendered":"\t\t<div data-elementor-type=\"wp-page\" data-elementor-id=\"236\" class=\"elementor elementor-236\">\n\t\t\t\t\t\t<section class=\"elementor-section elementor-top-section elementor-element elementor-element-5131a13e elementor-section-boxed elementor-section-height-default elementor-section-height-default\" data-id=\"5131a13e\" data-element_type=\"section\" data-e-type=\"section\" data-settings=\"{&quot;background_background&quot;:&quot;classic&quot;}\">\n\t\t\t\t\t\t\t<div class=\"elementor-background-overlay\"><\/div>\n\t\t\t\t\t\t\t<div class=\"elementor-container elementor-column-gap-default\">\n\t\t\t\t\t<div class=\"elementor-column elementor-col-100 elementor-top-column elementor-element elementor-element-1053ca7a\" data-id=\"1053ca7a\" data-element_type=\"column\" data-e-type=\"column\">\n\t\t\t<div class=\"elementor-widget-wrap elementor-element-populated\">\n\t\t\t\t\t\t<div class=\"elementor-element elementor-element-3d99e122 elementor-widget elementor-widget-heading\" data-id=\"3d99e122\" data-element_type=\"widget\" data-e-type=\"widget\" data-widget_type=\"heading.default\">\n\t\t\t\t<div class=\"elementor-widget-container\">\n\t\t\t\t\t<h1 class=\"elementor-heading-title elementor-size-default\">biograf\u00eda<\/h1>\t\t\t\t<\/div>\n\t\t\t\t<\/div>\n\t\t\t\t\t<\/div>\n\t\t<\/div>\n\t\t\t\t\t<\/div>\n\t\t<\/section>\n\t\t\t\t<section class=\"elementor-section elementor-top-section elementor-element elementor-element-40177ae0 elementor-section-boxed elementor-section-height-default elementor-section-height-default\" data-id=\"40177ae0\" data-element_type=\"section\" data-e-type=\"section\">\n\t\t\t\t\t\t<div class=\"elementor-container elementor-column-gap-no\">\n\t\t\t\t\t<div class=\"elementor-column elementor-col-100 elementor-top-column elementor-element elementor-element-2828f573\" data-id=\"2828f573\" data-element_type=\"column\" data-e-type=\"column\">\n\t\t\t<div class=\"elementor-widget-wrap elementor-element-populated\">\n\t\t\t\t\t\t<section class=\"elementor-section elementor-inner-section elementor-element elementor-element-5cff016 elementor-section-boxed elementor-section-height-default elementor-section-height-default\" data-id=\"5cff016\" data-element_type=\"section\" data-e-type=\"section\">\n\t\t\t\t\t\t<div class=\"elementor-container elementor-column-gap-default\">\n\t\t\t\t\t<div class=\"elementor-column elementor-col-50 elementor-inner-column elementor-element elementor-element-4c87bbc\" data-id=\"4c87bbc\" data-element_type=\"column\" data-e-type=\"column\">\n\t\t\t<div class=\"elementor-widget-wrap elementor-element-populated\">\n\t\t\t\t\t\t<div class=\"elementor-element elementor-element-68afc23b elementor-widget elementor-widget-heading\" data-id=\"68afc23b\" data-element_type=\"widget\" data-e-type=\"widget\" data-widget_type=\"heading.default\">\n\t\t\t\t<div class=\"elementor-widget-container\">\n\t\t\t\t\t<h2 class=\"elementor-heading-title elementor-size-default\">Compa\u00f1\u00eda<\/h2>\t\t\t\t<\/div>\n\t\t\t\t<\/div>\n\t\t\t\t\t<\/div>\n\t\t<\/div>\n\t\t\t\t<div class=\"elementor-column elementor-col-50 elementor-inner-column elementor-element elementor-element-f6f66e1\" data-id=\"f6f66e1\" data-element_type=\"column\" data-e-type=\"column\">\n\t\t\t<div class=\"elementor-widget-wrap elementor-element-populated\">\n\t\t\t\t\t\t<div class=\"elementor-element elementor-element-44ce5982 elementor-widget elementor-widget-text-editor\" data-id=\"44ce5982\" data-element_type=\"widget\" data-e-type=\"widget\" data-widget_type=\"text-editor.default\">\n\t\t\t\t<div class=\"elementor-widget-container\">\n\t\t\t\t\t\t\t\t\t<p>\u201cLa Piel Danza\u201d es una compa\u00f1\u00eda de danza contempor\u00e1nea fundada en el 2002 por el core\u00f3grafo\/int\u00e9rprete\/pedagogo Jos\u00e9 Reches. Nace con la idea del mestizaje donde interact\u00faan danza, improvisaci\u00f3n, teatro f\u00edsico y voz. Desde 2020 la compa\u00f1\u00eda est\u00e1 codirigida por Luis Agorreta y tiene su sede entre Madrid y C\u00e1ceres.<\/p>\t\t\t\t\t\t\t\t<\/div>\n\t\t\t\t<\/div>\n\t\t\t\t<div class=\"elementor-element elementor-element-e56ab06 elementor-widget elementor-widget-text-editor\" data-id=\"e56ab06\" data-element_type=\"widget\" data-e-type=\"widget\" data-widget_type=\"text-editor.default\">\n\t\t\t\t<div class=\"elementor-widget-container\">\n\t\t\t\t\t\t\t\t\t<p>Como caracter\u00edsticas propias de su trabajo, \u201cLa Piel\u201d aporta calidades de movimiento, fluidez, t\u00e9cnica depurada, movimiento personal, trabajo de contacto y suelo, adem\u00e1s de creaciones arriesgadas e im\u00e1genes atrevidas. El cuerpo como protagonista absoluto, sometido a trasformaciones y deformaciones, se compromete en el momento esc\u00e9nico y cuestiona la naturaleza humana.<\/p>\t\t\t\t\t\t\t\t<\/div>\n\t\t\t\t<\/div>\n\t\t\t\t\t<\/div>\n\t\t<\/div>\n\t\t\t\t\t<\/div>\n\t\t<\/section>\n\t\t\t\t<section class=\"elementor-section elementor-inner-section elementor-element elementor-element-f7f8174 elementor-section-boxed elementor-section-height-default elementor-section-height-default\" data-id=\"f7f8174\" data-element_type=\"section\" data-e-type=\"section\">\n\t\t\t\t\t\t<div class=\"elementor-container elementor-column-gap-default\">\n\t\t\t\t\t<div class=\"elementor-column elementor-col-50 elementor-inner-column elementor-element elementor-element-aa5c292\" data-id=\"aa5c292\" data-element_type=\"column\" data-e-type=\"column\">\n\t\t\t<div class=\"elementor-widget-wrap elementor-element-populated\">\n\t\t\t\t\t\t<div class=\"elementor-element elementor-element-fd45994 elementor-widget elementor-widget-heading\" data-id=\"fd45994\" data-element_type=\"widget\" data-e-type=\"widget\" data-widget_type=\"heading.default\">\n\t\t\t\t<div class=\"elementor-widget-container\">\n\t\t\t\t\t<h2 class=\"elementor-heading-title elementor-size-default\">Jos\u00e9 Reches<\/h2>\t\t\t\t<\/div>\n\t\t\t\t<\/div>\n\t\t\t\t<div class=\"elementor-element elementor-element-1864d51 elementor-widget elementor-widget-image\" data-id=\"1864d51\" data-element_type=\"widget\" data-e-type=\"widget\" data-widget_type=\"image.default\">\n\t\t\t\t<div class=\"elementor-widget-container\">\n\t\t\t\t\t\t\t\t\t\t\t\t\t\t\t<img fetchpriority=\"high\" decoding=\"async\" width=\"293\" height=\"300\" src=\"https:\/\/lapieldanza.com\/wp-content\/uploads\/2020\/06\/IMG_9906-293x300.jpg\" class=\"attachment-medium size-medium wp-image-277\" alt=\"\" srcset=\"https:\/\/lapieldanza.com\/wp-content\/uploads\/2020\/06\/IMG_9906-293x300.jpg 293w, https:\/\/lapieldanza.com\/wp-content\/uploads\/2020\/06\/IMG_9906-768x787.jpg 768w, https:\/\/lapieldanza.com\/wp-content\/uploads\/2020\/06\/IMG_9906.jpg 844w\" sizes=\"(max-width: 293px) 100vw, 293px\" \/>\t\t\t\t\t\t\t\t\t\t\t\t\t\t\t<\/div>\n\t\t\t\t<\/div>\n\t\t\t\t\t<\/div>\n\t\t<\/div>\n\t\t\t\t<div class=\"elementor-column elementor-col-50 elementor-inner-column elementor-element elementor-element-a01cb7e\" data-id=\"a01cb7e\" data-element_type=\"column\" data-e-type=\"column\">\n\t\t\t<div class=\"elementor-widget-wrap elementor-element-populated\">\n\t\t\t\t\t\t<div class=\"elementor-element elementor-element-f84e2fe elementor-widget elementor-widget-text-editor\" data-id=\"f84e2fe\" data-element_type=\"widget\" data-e-type=\"widget\" data-widget_type=\"text-editor.default\">\n\t\t\t\t<div class=\"elementor-widget-container\">\n\t\t\t\t\t\t\t\t\t<p>Nace en Reus (Tarragona) se forma en Barcelona, donde obtiene una beca de formaci\u00f3n en la escuela de Danza \u00abVarium\u00bb, direcci\u00f3n Anna Sanchez. En 2002 forma su propia Compa\u00f1\u00eda de Danza \u00abLa Piel\u00bb.<\/p><p>Como bailar\u00edn ha trabajado entre otras compa\u00f1\u00edas: Metros (Ramon Oller, Barcelona), Ardermat 11 (Portugal), Compa\u00f1\u00eda de Danza de Lisboa (Portugal) Compa\u00f1\u00eda de Danza Paulo Ribeiro (Portugal), 10&amp;10 Danza (Madrid).<\/p><p>Como pedagogo en diferentes escuelas y compa\u00f1\u00edas de danza; Escuela de Danza Rui Horta (Portugal), Lavanderia a Vapore (Turin, Italia), Espaziodanza (G\u00e9nova, Italia), Centro Coreogr\u00e1fico La Ventilla, escuela de arte dram\u00e1tico de Cristina Rota, Animalario compa\u00f1\u00eda de teatro, Escuela de Danza Natalia Medina (Las Palmas de Gran Canaria) y Compa\u00f1\u00edas: 10&amp;10, \u00daltima vez (Wim Vandekeybus) entre otras.<\/p><p>Ganador en 1998 del Certamen Coreogr\u00e1fico Masdanza con la pieza \u201cAmore Amore\u201d y tercer premio en el Certamen Coreogr\u00e1fico de Madrid con \u00b7\u201dEn la boca no\u201d. En 2002 crea su propia compa\u00f1\u00eda \u201cLa Piel\u201d , con estrenos como En tierra de nadie, Amati Purpurade, Como perros. Creaciones para el Real Conservatorio de Mariemma: Malacarne, Wunderbar, I don&#8217;t know, Heaven, Young happenings, Sine die, Korpo.<\/p><p><span style=\"font-size: 16px;\">Para la Compa\u00f1\u00eda de danza Natalia Medina: Exquisite Form (2015) \u201cKiss me hard before you go\u201d para el Balletto teatro di Torino , Italia (2018).<\/span><\/p><p>Desde 2003 es profesor y core\u00f3grafo en el R.C.P.D \u00abMariemma\u00bb; desde 2019 es jefe del departamento de danza contempor\u00e1nea del mismo. Creador del festival 5Fest. Contin\u00faa su labor como creador de videodanzas con una trilog\u00eda vinculada a Extremadura.<\/p><p>Entre sus \u00faltimos estrenos se encuentran Galea para el RCPD \u201cMariemma\u201d (2020) y El beso de plata (2020) y DUX (2022) para su propia compa\u00f1\u00eda. Desde 2020 forma parte del equipo organizador del Festival Tierras en danza.<\/p>\t\t\t\t\t\t\t\t<\/div>\n\t\t\t\t<\/div>\n\t\t\t\t\t<\/div>\n\t\t<\/div>\n\t\t\t\t\t<\/div>\n\t\t<\/section>\n\t\t\t\t<section class=\"elementor-section elementor-inner-section elementor-element elementor-element-53e671c elementor-section-boxed elementor-section-height-default elementor-section-height-default\" data-id=\"53e671c\" data-element_type=\"section\" data-e-type=\"section\">\n\t\t\t\t\t\t<div class=\"elementor-container elementor-column-gap-default\">\n\t\t\t\t\t<div class=\"elementor-column elementor-col-50 elementor-inner-column elementor-element elementor-element-5231591\" data-id=\"5231591\" data-element_type=\"column\" data-e-type=\"column\">\n\t\t\t<div class=\"elementor-widget-wrap elementor-element-populated\">\n\t\t\t\t\t\t<div class=\"elementor-element elementor-element-3a134e7 elementor-widget elementor-widget-heading\" data-id=\"3a134e7\" data-element_type=\"widget\" data-e-type=\"widget\" data-widget_type=\"heading.default\">\n\t\t\t\t<div class=\"elementor-widget-container\">\n\t\t\t\t\t<h2 class=\"elementor-heading-title elementor-size-default\">Luis Agorreta<\/h2>\t\t\t\t<\/div>\n\t\t\t\t<\/div>\n\t\t\t\t<div class=\"elementor-element elementor-element-e74cdd7 elementor-widget elementor-widget-image\" data-id=\"e74cdd7\" data-element_type=\"widget\" data-e-type=\"widget\" data-widget_type=\"image.default\">\n\t\t\t\t<div class=\"elementor-widget-container\">\n\t\t\t\t\t\t\t\t\t\t\t\t\t\t\t<img decoding=\"async\" width=\"300\" height=\"300\" src=\"https:\/\/lapieldanza.com\/wp-content\/uploads\/2020\/06\/DSC7751-e1591805531573-300x300.jpg\" class=\"attachment-medium size-medium wp-image-278\" alt=\"\" srcset=\"https:\/\/lapieldanza.com\/wp-content\/uploads\/2020\/06\/DSC7751-e1591805531573-300x300.jpg 300w, https:\/\/lapieldanza.com\/wp-content\/uploads\/2020\/06\/DSC7751-e1591805531573-150x150.jpg 150w, https:\/\/lapieldanza.com\/wp-content\/uploads\/2020\/06\/DSC7751-e1591805531573-768x768.jpg 768w, https:\/\/lapieldanza.com\/wp-content\/uploads\/2020\/06\/DSC7751-e1591805531573.jpg 979w\" sizes=\"(max-width: 300px) 100vw, 300px\" \/>\t\t\t\t\t\t\t\t\t\t\t\t\t\t\t<\/div>\n\t\t\t\t<\/div>\n\t\t\t\t\t<\/div>\n\t\t<\/div>\n\t\t\t\t<div class=\"elementor-column elementor-col-50 elementor-inner-column elementor-element elementor-element-3eb018a\" data-id=\"3eb018a\" data-element_type=\"column\" data-e-type=\"column\">\n\t\t\t<div class=\"elementor-widget-wrap elementor-element-populated\">\n\t\t\t\t\t\t<div class=\"elementor-element elementor-element-8859025 elementor-widget elementor-widget-text-editor\" data-id=\"8859025\" data-element_type=\"widget\" data-e-type=\"widget\" data-widget_type=\"text-editor.default\">\n\t\t\t\t<div class=\"elementor-widget-container\">\n\t\t\t\t\t\t\t\t\t<p>Inicia su aprendizaje en danza en la escuela Endanza de Salamanca durante su formaci\u00f3n universitaria. Posteriormente se grad\u00faa con premio extraordinario de su curso en danza contempor\u00e1nea en el Real Conservatorio Profesional de Danza \u201cMariemma\u201d donde participa en creaciones de profesionales como Jos\u00e9 Reches y Pedro Berdayes. Becario de la formaci\u00f3n Descalzinha danza.<\/p>\n<p>Bailar\u00edn en la compa\u00f1\u00eda de danza \u201cLa piel\u201d desde 2016 (Como Perros, Jos\u00e9 Reches) y \u201cLava\u201d (Beyond, La intrusa; Bending the walls, Fernando Hermando Magad\u00e1n; 15\u00ba al oeste, Paloma Hurtado; Abisal, Daniel Abreu). Asistente de coreograf\u00eda de Marta Peir\u00f3 en los Talleres \u201cM\u00e1gicos danzantes\u201d de las actividades del Museo del Prado \u201cEl Prado en familia\u201d y de Jos\u00e9 Reches en la pieza \u201cKiss me hard before you go\u201d para el Balletto Teatro di Torino. Imparte talleres de t\u00e9cnica e improvisaci\u00f3n en Espa\u00f1a e Italia. Coorganizador del festival de danza contempor\u00e1nea Tierras en danza, celebrado en varias poblaciones rurales de la provincia de C\u00e1ceres.&nbsp;<\/p>\t\t\t\t\t\t\t\t<\/div>\n\t\t\t\t<\/div>\n\t\t\t\t\t<\/div>\n\t\t<\/div>\n\t\t\t\t\t<\/div>\n\t\t<\/section>\n\t\t\t\t\t<\/div>\n\t\t<\/div>\n\t\t\t\t\t<\/div>\n\t\t<\/section>\n\t\t\t\t<\/div>\n\t\t","protected":false},"excerpt":{"rendered":"<p>biograf\u00eda Compa\u00f1\u00eda \u201cLa Piel Danza\u201d es una compa\u00f1\u00eda de danza contempor\u00e1nea fundada en el 2002 por el core\u00f3grafo\/int\u00e9rprete\/pedagogo Jos\u00e9 Reches. Nace con la idea del mestizaje donde interact\u00faan danza, improvisaci\u00f3n, teatro f\u00edsico y voz. Desde 2020 la compa\u00f1\u00eda est\u00e1 codirigida por Luis Agorreta y tiene su sede entre Madrid y C\u00e1ceres. Como caracter\u00edsticas propias de [&hellip;]<\/p>\n","protected":false},"author":1,"featured_media":0,"parent":0,"menu_order":0,"comment_status":"closed","ping_status":"closed","template":"","meta":{"site-sidebar-layout":"no-sidebar","site-content-layout":"page-builder","ast-site-content-layout":"","site-content-style":"default","site-sidebar-style":"default","ast-global-header-display":"","ast-banner-title-visibility":"","ast-main-header-display":"","ast-hfb-above-header-display":"","ast-hfb-below-header-display":"","ast-hfb-mobile-header-display":"","site-post-title":"disabled","ast-breadcrumbs-content":"","ast-featured-img":"","footer-sml-layout":"","theme-transparent-header-meta":"enabled","adv-header-id-meta":"","stick-header-meta":"","header-above-stick-meta":"","header-main-stick-meta":"","header-below-stick-meta":"","astra-migrate-meta-layouts":"default","ast-page-background-enabled":"default","ast-page-background-meta":{"desktop":{"background-color":"var(--ast-global-color-4)","background-image":"","background-repeat":"repeat","background-position":"center center","background-size":"auto","background-attachment":"scroll","background-type":"","background-media":"","overlay-type":"","overlay-color":"","overlay-opacity":"","overlay-gradient":""},"tablet":{"background-color":"","background-image":"","background-repeat":"repeat","background-position":"center center","background-size":"auto","background-attachment":"scroll","background-type":"","background-media":"","overlay-type":"","overlay-color":"","overlay-opacity":"","overlay-gradient":""},"mobile":{"background-color":"","background-image":"","background-repeat":"repeat","background-position":"center center","background-size":"auto","background-attachment":"scroll","background-type":"","background-media":"","overlay-type":"","overlay-color":"","overlay-opacity":"","overlay-gradient":""}},"ast-content-background-meta":{"desktop":{"background-color":"var(--ast-global-color-5)","background-image":"","background-repeat":"repeat","background-position":"center center","background-size":"auto","background-attachment":"scroll","background-type":"","background-media":"","overlay-type":"","overlay-color":"","overlay-opacity":"","overlay-gradient":""},"tablet":{"background-color":"var(--ast-global-color-5)","background-image":"","background-repeat":"repeat","background-position":"center center","background-size":"auto","background-attachment":"scroll","background-type":"","background-media":"","overlay-type":"","overlay-color":"","overlay-opacity":"","overlay-gradient":""},"mobile":{"background-color":"var(--ast-global-color-5)","background-image":"","background-repeat":"repeat","background-position":"center center","background-size":"auto","background-attachment":"scroll","background-type":"","background-media":"","overlay-type":"","overlay-color":"","overlay-opacity":"","overlay-gradient":""}},"footnotes":""},"class_list":["post-236","page","type-page","status-publish","hentry"],"_links":{"self":[{"href":"https:\/\/lapieldanza.com\/index.php\/wp-json\/wp\/v2\/pages\/236","targetHints":{"allow":["GET"]}}],"collection":[{"href":"https:\/\/lapieldanza.com\/index.php\/wp-json\/wp\/v2\/pages"}],"about":[{"href":"https:\/\/lapieldanza.com\/index.php\/wp-json\/wp\/v2\/types\/page"}],"author":[{"embeddable":true,"href":"https:\/\/lapieldanza.com\/index.php\/wp-json\/wp\/v2\/users\/1"}],"replies":[{"embeddable":true,"href":"https:\/\/lapieldanza.com\/index.php\/wp-json\/wp\/v2\/comments?post=236"}],"version-history":[{"count":34,"href":"https:\/\/lapieldanza.com\/index.php\/wp-json\/wp\/v2\/pages\/236\/revisions"}],"predecessor-version":[{"id":929,"href":"https:\/\/lapieldanza.com\/index.php\/wp-json\/wp\/v2\/pages\/236\/revisions\/929"}],"wp:attachment":[{"href":"https:\/\/lapieldanza.com\/index.php\/wp-json\/wp\/v2\/media?parent=236"}],"curies":[{"name":"wp","href":"https:\/\/api.w.org\/{rel}","templated":true}]}}